{"id":240,"date":"2022-06-27T14:20:17","date_gmt":"2022-06-27T12:20:17","guid":{"rendered":"https:\/\/rco.be\/?page_id=240"},"modified":"2022-10-04T14:28:36","modified_gmt":"2022-10-04T12:28:36","slug":"solutions-auditoires","status":"publish","type":"page","link":"https:\/\/rco.be\/en\/rco\/solutions-education\/solutions-auditoires\/","title":{"rendered":"Auditorium solutions"},"content":{"rendered":"<div class=\"wpb-content-wrapper\"><div class=\"vc_row wpb_row vc_row-fluid vc_custom_1657810034032\"><div class=\"wpb_column vc_column_container vc_col-sm-12\"><div class=\"vc_column-inner\"><div class=\"wpb_wrapper\"><div id=\"ultimate-heading-382269f09b568dfe2\" class=\"uvc-heading ult-adjust-bottom-margin ultimate-heading-382269f09b568dfe2 uvc-9662  uvc-heading-default-font-sizes\" data-hspacer=\"line_only\"  data-halign=\"center\" style=\"text-align:center\"><div class=\"uvc-main-heading ult-responsive\"  data-ultimate-target='.uvc-heading.ultimate-heading-382269f09b568dfe2 h2'  data-responsive-json-new='{\"font-size\":\"\",\"line-height\":\"\"}' ><h2 style=\"--font-weight:theme;margin-bottom:15px;\">Projection professionnelle<\/h2><\/div><div class=\"uvc-heading-spacer line_only\" style=\"margin-bottom:15px;height:2px;\"><span class=\"uvc-headings-line\" style=\"border-style:solid;border-bottom-width:2px;border-color:#233660;width:200px;\"><\/span><\/div><\/div><div class=\"vc_row wpb_row vc_inner vc_row-fluid vc_custom_1657810145248 vc_row-o-equal-height vc_row-o-content-middle vc_row-flex\"><div class=\"wpb_column vc_column_container vc_col-sm-6\"><div class=\"vc_column-inner vc_custom_1657809997473\"><div class=\"wpb_wrapper\">\n\t<div  class=\"wpb_single_image wpb_content_element vc_align_center\">\n\t\t\n\t\t<figure class=\"wpb_wrapper vc_figure\">\n\t\t\t<div class=\"vc_single_image-wrapper   vc_box_border_grey\"><img loading=\"lazy\" decoding=\"async\" width=\"300\" height=\"213\" src=\"https:\/\/rco.be\/wp-content\/uploads\/2022\/07\/Projecteur-Laser-Professionnel-Epson-300x213.webp\" class=\"vc_single_image-img attachment-medium\" alt=\"Projecteur laser professionnel pour de grands affichages de la marque Epson.\" title=\"Projecteur-Laser-Professionnel-Epson\" srcset=\"https:\/\/rco.be\/wp-content\/uploads\/2022\/07\/Projecteur-Laser-Professionnel-Epson-300x213.webp 300w, https:\/\/rco.be\/wp-content\/uploads\/2022\/07\/Projecteur-Laser-Professionnel-Epson-1024x725.webp 1024w, https:\/\/rco.be\/wp-content\/uploads\/2022\/07\/Projecteur-Laser-Professionnel-Epson-768x544.webp 768w, https:\/\/rco.be\/wp-content\/uploads\/2022\/07\/Projecteur-Laser-Professionnel-Epson-18x12.webp 18w, https:\/\/rco.be\/wp-content\/uploads\/2022\/07\/Projecteur-Laser-Professionnel-Epson.webp 1200w\" sizes=\"auto, (max-width: 300px) 100vw, 300px\"  data-dt-location=\"https:\/\/rco.be\/en\/rco\/solutions-education\/solutions-auditoires\/projecteur-laser-professionnel-epson\/\" \/><\/div>\n\t\t<\/figure>\n\t<\/div>\n\n\t<div  class=\"wpb_single_image wpb_content_element vc_align_center  vc_custom_1664572673411\">\n\t\t\n\t\t<figure class=\"wpb_wrapper vc_figure\">\n\t\t\t<div class=\"vc_single_image-wrapper   vc_box_border_grey\"><img loading=\"lazy\" decoding=\"async\" width=\"300\" height=\"74\" src=\"https:\/\/rco.be\/wp-content\/uploads\/2022\/07\/Logo-Epson-300x74.webp\" class=\"vc_single_image-img attachment-medium\" alt=\"Logo de la marque Epson.\" title=\"Logo-Epson\" srcset=\"https:\/\/rco.be\/wp-content\/uploads\/2022\/07\/Logo-Epson-300x74.webp 300w, https:\/\/rco.be\/wp-content\/uploads\/2022\/07\/Logo-Epson-1024x253.webp 1024w, https:\/\/rco.be\/wp-content\/uploads\/2022\/07\/Logo-Epson-768x189.webp 768w, https:\/\/rco.be\/wp-content\/uploads\/2022\/07\/Logo-Epson-18x4.webp 18w, https:\/\/rco.be\/wp-content\/uploads\/2022\/07\/Logo-Epson.webp 1200w\" sizes=\"auto, (max-width: 300px) 100vw, 300px\"  data-dt-location=\"https:\/\/rco.be\/en\/rco\/aide\/telechargements\/logo-epson\/\" \/><\/div>\n\t\t<\/figure>\n\t<\/div>\n<\/div><\/div><\/div><div class=\"wpb_column vc_column_container vc_col-sm-6\"><div class=\"vc_column-inner vc_custom_1657810003888\"><div class=\"wpb_wrapper\"><div id=\"ultimate-heading-420669f09b568f821\" class=\"uvc-heading ult-adjust-bottom-margin ultimate-heading-420669f09b568f821 uvc-6897  uvc-heading-default-font-sizes\" data-hspacer=\"line_only\"  data-halign=\"left\" style=\"text-align:left\"><div class=\"uvc-main-heading ult-responsive\"  data-ultimate-target='.uvc-heading.ultimate-heading-420669f09b568f821 h3'  data-responsive-json-new='{\"font-size\":\"\",\"line-height\":\"\"}' ><h3 style=\"--font-weight:theme;margin-bottom:15px;\">Les projecteurs professionnels EPSON laser<\/h3><\/div><div class=\"uvc-heading-spacer line_only\" style=\"margin-bottom:15px;height:2px;\"><span class=\"uvc-headings-line\" style=\"border-style:solid;border-bottom-width:2px;border-color:#233660;width:100px;\"><\/span><\/div><\/div>\n\t<div class=\"wpb_text_column wpb_content_element\" >\n\t\t<div class=\"wpb_wrapper\">\n\t\t\t<p style=\"text-align: justify;\">Adapter le mat\u00e9riel \u00e0 l\u2019environnement et non l\u2019inverse. Les <strong>exigences<\/strong> d\u2019une projection dans un amphith\u00e9\u00e2tre, une salle de conf\u00e9rence ou un mus\u00e9e impliquent de disposer d\u2019une <strong>large gamme<\/strong> de solutions de projection.<\/p>\n<p style=\"text-align: justify;\">Nous disposons de <strong>projecteurs<\/strong>\u00a0d\u00e9di\u00e9s aux grands espaces, disposant d\u2019une <strong>technologie laser<\/strong> innovante et de luminosit\u00e9s pouvant atteindre <strong>20.000 lumens<\/strong>.<\/p>\n\n\t\t<\/div>\n\t<\/div>\n<\/div><\/div><\/div><\/div><div class=\"vc_row wpb_row vc_inner vc_row-fluid vc_row-o-equal-height vc_row-o-content-middle vc_row-flex\"><div class=\"wpb_column vc_column_container vc_col-sm-6 vc_hidden-sm vc_hidden-xs\"><div class=\"vc_column-inner vc_custom_1664572708401\"><div class=\"wpb_wrapper\"><div id=\"ultimate-heading-42369f09b568fcc9\" class=\"uvc-heading ult-adjust-bottom-margin ultimate-heading-42369f09b568fcc9 uvc-4209  uvc-heading-default-font-sizes\" data-hspacer=\"line_only\"  data-halign=\"left\" style=\"text-align:left\"><div class=\"uvc-main-heading ult-responsive\"  data-ultimate-target='.uvc-heading.ultimate-heading-42369f09b568fcc9 h3'  data-responsive-json-new='{\"font-size\":\"\",\"line-height\":\"\"}' ><h3 style=\"--font-weight:theme;margin-bottom:15px;\">Ecrans de projection Projecta<\/h3><\/div><div class=\"uvc-heading-spacer line_only\" style=\"margin-bottom:15px;height:2px;\"><span class=\"uvc-headings-line\" style=\"border-style:solid;border-bottom-width:2px;border-color:#233660;width:100px;\"><\/span><\/div><\/div>\n\t<div class=\"wpb_text_column wpb_content_element\" >\n\t\t<div class=\"wpb_wrapper\">\n\t\t\t<p style=\"text-align: justify;\">En parall\u00e8le, nous offrons une gamme d\u2019<strong>\u00e9crans de projection motoris\u00e9s<\/strong> tous formats pour fixation <strong>plafond<\/strong>, <strong>murale<\/strong> ou pour <strong>encastrement<\/strong>.<\/p>\n<p style=\"text-align: justify;\">Le <strong>parfait bin\u00f4me<\/strong> toile\/projecteur vous offrira des images brillantes et un haute niveau de fiabilit\u00e9.<\/p>\n\n\t\t<\/div>\n\t<\/div>\n<\/div><\/div><\/div><div class=\"wpb_column vc_column_container vc_col-sm-6 vc_hidden-sm vc_hidden-xs\"><div class=\"vc_column-inner vc_custom_1664572713558\"><div class=\"wpb_wrapper\">\n\t<div  class=\"wpb_single_image wpb_content_element vc_align_center\">\n\t\t\n\t\t<figure class=\"wpb_wrapper vc_figure\">\n\t\t\t<div class=\"vc_single_image-wrapper   vc_box_border_grey\"><img loading=\"lazy\" decoding=\"async\" width=\"300\" height=\"300\" src=\"https:\/\/rco.be\/wp-content\/uploads\/2022\/07\/Ecran-Projection-Projecta-e1657810222504-300x300.webp\" class=\"vc_single_image-img attachment-medium\" alt=\"Un \u00e9cran de projection professionnel pour auditoire de la marque Projecta.\" title=\"Ecran-Projection-Projecta\" srcset=\"https:\/\/rco.be\/wp-content\/uploads\/2022\/07\/Ecran-Projection-Projecta-e1657810222504-300x300.webp 300w, https:\/\/rco.be\/wp-content\/uploads\/2022\/07\/Ecran-Projection-Projecta-e1657810222504-150x150.webp 150w, https:\/\/rco.be\/wp-content\/uploads\/2022\/07\/Ecran-Projection-Projecta-e1657810222504-768x768.webp 768w, https:\/\/rco.be\/wp-content\/uploads\/2022\/07\/Ecran-Projection-Projecta-e1657810222504-12x12.webp 12w, https:\/\/rco.be\/wp-content\/uploads\/2022\/07\/Ecran-Projection-Projecta-e1657810222504.webp 1000w\" sizes=\"auto, (max-width: 300px) 100vw, 300px\"  data-dt-location=\"https:\/\/rco.be\/en\/rco\/solutions-education\/solutions-auditoires\/ecran-projection-projecta\/\" \/><\/div>\n\t\t<\/figure>\n\t<\/div>\n\n\t<div  class=\"wpb_single_image wpb_content_element vc_align_center\">\n\t\t\n\t\t<figure class=\"wpb_wrapper vc_figure\">\n\t\t\t<div class=\"vc_single_image-wrapper   vc_box_border_grey\"><img loading=\"lazy\" decoding=\"async\" width=\"300\" height=\"45\" src=\"https:\/\/rco.be\/wp-content\/uploads\/2022\/07\/Logo-Projecta-300x45.webp\" class=\"vc_single_image-img attachment-medium\" alt=\"Logo de l&#039;entreprise Projecta.\" title=\"Logo-Projecta\" srcset=\"https:\/\/rco.be\/wp-content\/uploads\/2022\/07\/Logo-Projecta-300x45.webp 300w, https:\/\/rco.be\/wp-content\/uploads\/2022\/07\/Logo-Projecta-18x3.webp 18w, https:\/\/rco.be\/wp-content\/uploads\/2022\/07\/Logo-Projecta.webp 600w\" sizes=\"auto, (max-width: 300px) 100vw, 300px\"  data-dt-location=\"https:\/\/rco.be\/en\/rco\/solutions-education\/solutions-auditoires\/logo-projecta\/\" \/><\/div>\n\t\t<\/figure>\n\t<\/div>\n<\/div><\/div><\/div><\/div><div class=\"vc_row wpb_row vc_inner vc_row-fluid vc_row-o-equal-height vc_row-o-content-middle vc_row-flex\"><div class=\"wpb_column vc_column_container vc_col-sm-12 vc_hidden-lg vc_hidden-md\"><div class=\"vc_column-inner vc_custom_1664572742801\"><div class=\"wpb_wrapper\">\n\t<div  class=\"wpb_single_image wpb_content_element vc_align_center\">\n\t\t\n\t\t<figure class=\"wpb_wrapper vc_figure\">\n\t\t\t<div class=\"vc_single_image-wrapper   vc_box_border_grey\"><img loading=\"lazy\" decoding=\"async\" width=\"300\" height=\"300\" src=\"https:\/\/rco.be\/wp-content\/uploads\/2022\/07\/Ecran-Projection-Projecta-e1657810222504-300x300.webp\" class=\"vc_single_image-img attachment-medium\" alt=\"Un \u00e9cran de projection professionnel pour auditoire de la marque Projecta.\" title=\"Ecran-Projection-Projecta\" srcset=\"https:\/\/rco.be\/wp-content\/uploads\/2022\/07\/Ecran-Projection-Projecta-e1657810222504-300x300.webp 300w, https:\/\/rco.be\/wp-content\/uploads\/2022\/07\/Ecran-Projection-Projecta-e1657810222504-150x150.webp 150w, https:\/\/rco.be\/wp-content\/uploads\/2022\/07\/Ecran-Projection-Projecta-e1657810222504-768x768.webp 768w, https:\/\/rco.be\/wp-content\/uploads\/2022\/07\/Ecran-Projection-Projecta-e1657810222504-12x12.webp 12w, https:\/\/rco.be\/wp-content\/uploads\/2022\/07\/Ecran-Projection-Projecta-e1657810222504.webp 1000w\" sizes=\"auto, (max-width: 300px) 100vw, 300px\"  data-dt-location=\"https:\/\/rco.be\/en\/rco\/solutions-education\/solutions-auditoires\/ecran-projection-projecta\/\" \/><\/div>\n\t\t<\/figure>\n\t<\/div>\n\n\t<div  class=\"wpb_single_image wpb_content_element vc_align_center  vc_custom_1664572771238\">\n\t\t\n\t\t<figure class=\"wpb_wrapper vc_figure\">\n\t\t\t<div class=\"vc_single_image-wrapper   vc_box_border_grey\"><img loading=\"lazy\" decoding=\"async\" width=\"300\" height=\"45\" src=\"https:\/\/rco.be\/wp-content\/uploads\/2022\/07\/Logo-Projecta-300x45.webp\" class=\"vc_single_image-img attachment-medium\" alt=\"Logo de l&#039;entreprise Projecta.\" title=\"Logo-Projecta\" srcset=\"https:\/\/rco.be\/wp-content\/uploads\/2022\/07\/Logo-Projecta-300x45.webp 300w, https:\/\/rco.be\/wp-content\/uploads\/2022\/07\/Logo-Projecta-18x3.webp 18w, https:\/\/rco.be\/wp-content\/uploads\/2022\/07\/Logo-Projecta.webp 600w\" sizes=\"auto, (max-width: 300px) 100vw, 300px\"  data-dt-location=\"https:\/\/rco.be\/en\/rco\/solutions-education\/solutions-auditoires\/logo-projecta\/\" \/><\/div>\n\t\t<\/figure>\n\t<\/div>\n<div id=\"ultimate-heading-552969f09b5691449\" class=\"uvc-heading ult-adjust-bottom-margin ultimate-heading-552969f09b5691449 uvc-794  uvc-heading-default-font-sizes\" data-hspacer=\"line_only\"  data-halign=\"left\" style=\"text-align:left\"><div class=\"uvc-main-heading ult-responsive\"  data-ultimate-target='.uvc-heading.ultimate-heading-552969f09b5691449 h3'  data-responsive-json-new='{\"font-size\":\"\",\"line-height\":\"\"}' ><h3 style=\"--font-weight:theme;margin-bottom:15px;\">Ecrans de projection Projecta<\/h3><\/div><div class=\"uvc-heading-spacer line_only\" style=\"margin-bottom:15px;height:2px;\"><span class=\"uvc-headings-line\" style=\"border-style:solid;border-bottom-width:2px;border-color:#233660;width:100px;\"><\/span><\/div><\/div>\n\t<div class=\"wpb_text_column wpb_content_element\" >\n\t\t<div class=\"wpb_wrapper\">\n\t\t\t<p style=\"text-align: justify;\">En parall\u00e8le, nous offrons une gamme d\u2019<strong>\u00e9crans de projection motoris\u00e9s<\/strong> tous formats pour fixation <strong>plafond<\/strong>, <strong>murale<\/strong> ou pour <strong>encastrement<\/strong>.<\/p>\n<p style=\"text-align: justify;\">Le <strong>parfait bin\u00f4me<\/strong> toile\/projecteur vous offrira des images brillantes et un haute niveau de fiabilit\u00e9.<\/p>\n\n\t\t<\/div>\n\t<\/div>\n<\/div><\/div><\/div><\/div><\/div><\/div><\/div><\/div><div class=\"vc_row wpb_row vc_row-fluid vc_custom_1657810485492\"><div class=\"wpb_column vc_column_container vc_col-sm-12\"><div class=\"vc_column-inner\"><div class=\"wpb_wrapper\"><div id=\"ultimate-heading-122469f09b5691c65\" class=\"uvc-heading ult-adjust-bottom-margin ultimate-heading-122469f09b5691c65 uvc-521  uvc-heading-default-font-sizes\" data-hspacer=\"line_only\"  data-halign=\"center\" style=\"text-align:center\"><div class=\"uvc-main-heading ult-responsive\"  data-ultimate-target='.uvc-heading.ultimate-heading-122469f09b5691c65 h2'  data-responsive-json-new='{\"font-size\":\"\",\"line-height\":\"\"}' ><h2 style=\"--font-weight:theme;margin-bottom:15px;\">Nos solutions de sonorisation<\/h2><\/div><div class=\"uvc-heading-spacer line_only\" style=\"margin-bottom:15px;height:2px;\"><span class=\"uvc-headings-line\" style=\"border-style:solid;border-bottom-width:2px;border-color:#233660;width:200px;\"><\/span><\/div><\/div><div class=\"vc_row wpb_row vc_inner vc_row-fluid vc_custom_1657810145248 vc_row-o-equal-height vc_row-o-content-middle vc_row-flex\"><div class=\"wpb_column vc_column_container vc_col-sm-6\"><div class=\"vc_column-inner vc_custom_1657809997473\"><div class=\"wpb_wrapper\">\n\t<div  class=\"wpb_single_image wpb_content_element vc_align_center\">\n\t\t\n\t\t<figure class=\"wpb_wrapper vc_figure\">\n\t\t\t<div class=\"vc_single_image-wrapper   vc_box_border_grey\"><img loading=\"lazy\" decoding=\"async\" width=\"300\" height=\"300\" src=\"https:\/\/rco.be\/wp-content\/uploads\/2022\/07\/Sonorisation-Auditoire-Audac-300x300.webp\" class=\"vc_single_image-img attachment-medium\" alt=\"Deux haut-parleurs professionnels de la marque Audac pour une sonorisation d&#039;auditoire.\" title=\"Sonorisation-Auditoire-Audac\" srcset=\"https:\/\/rco.be\/wp-content\/uploads\/2022\/07\/Sonorisation-Auditoire-Audac-300x300.webp 300w, https:\/\/rco.be\/wp-content\/uploads\/2022\/07\/Sonorisation-Auditoire-Audac-150x150.webp 150w, https:\/\/rco.be\/wp-content\/uploads\/2022\/07\/Sonorisation-Auditoire-Audac-768x768.webp 768w, https:\/\/rco.be\/wp-content\/uploads\/2022\/07\/Sonorisation-Auditoire-Audac-12x12.webp 12w, https:\/\/rco.be\/wp-content\/uploads\/2022\/07\/Sonorisation-Auditoire-Audac.webp 1024w\" sizes=\"auto, (max-width: 300px) 100vw, 300px\"  data-dt-location=\"https:\/\/rco.be\/en\/rco\/solutions-education\/solutions-auditoires\/sonorisation-auditoire-audac\/\" \/><\/div>\n\t\t<\/figure>\n\t<\/div>\n<\/div><\/div><\/div><div class=\"wpb_column vc_column_container vc_col-sm-6\"><div class=\"vc_column-inner vc_custom_1657810003888\"><div class=\"wpb_wrapper\"><div id=\"ultimate-heading-262069f09b5692518\" class=\"uvc-heading ult-adjust-bottom-margin ultimate-heading-262069f09b5692518 uvc-559  uvc-heading-default-font-sizes\" data-hspacer=\"line_only\"  data-halign=\"left\" style=\"text-align:left\"><div class=\"uvc-main-heading ult-responsive\"  data-ultimate-target='.uvc-heading.ultimate-heading-262069f09b5692518 h3'  data-responsive-json-new='{\"font-size\":\"\",\"line-height\":\"\"}' ><h3 style=\"--font-weight:theme;margin-bottom:15px;\">Haut-parleurs AUDAC<\/h3><\/div><div class=\"uvc-heading-spacer line_only\" style=\"margin-bottom:15px;height:2px;\"><span class=\"uvc-headings-line\" style=\"border-style:solid;border-bottom-width:2px;border-color:#233660;width:100px;\"><\/span><\/div><\/div>\n\t<div class=\"wpb_text_column wpb_content_element  vc_custom_1657810909751\" >\n\t\t<div class=\"wpb_wrapper\">\n\t\t\t<p style=\"text-align: justify;\">Notre partenaire <strong>AUDAC<\/strong> propose une large gamme de <strong>haut-parleurs muraux<\/strong> ou <strong>plafonniers<\/strong> pour une <strong>qualit\u00e9<\/strong> sonore unique et parfaitement <strong>calibr\u00e9e<\/strong>.<\/p>\n\n\t\t<\/div>\n\t<\/div>\n<\/div><\/div><\/div><\/div><div class=\"vc_row wpb_row vc_inner vc_row-fluid vc_row-o-equal-height vc_row-o-content-middle vc_row-flex\"><div class=\"wpb_column vc_column_container vc_col-sm-6 vc_hidden-sm vc_hidden-xs\"><div class=\"vc_column-inner vc_custom_1664572968835\"><div class=\"wpb_wrapper\"><div id=\"ultimate-heading-752069f09b5692934\" class=\"uvc-heading ult-adjust-bottom-margin ultimate-heading-752069f09b5692934 uvc-8323  uvc-heading-default-font-sizes\" data-hspacer=\"line_only\"  data-halign=\"left\" style=\"text-align:left\"><div class=\"uvc-main-heading ult-responsive\"  data-ultimate-target='.uvc-heading.ultimate-heading-752069f09b5692934 h3'  data-responsive-json-new='{\"font-size\":\"\",\"line-height\":\"\"}' ><h3 style=\"--font-weight:theme;margin-bottom:15px;\">Microphones Sennheiser<\/h3><\/div><div class=\"uvc-heading-spacer line_only\" style=\"margin-bottom:15px;height:2px;\"><span class=\"uvc-headings-line\" style=\"border-style:solid;border-bottom-width:2px;border-color:#233660;width:100px;\"><\/span><\/div><\/div>\n\t<div class=\"wpb_text_column wpb_content_element\" >\n\t\t<div class=\"wpb_wrapper\">\n\t\t\t<p style=\"text-align: justify;\">De son c\u00f4t\u00e9, le fabricant SENNHEISER s\u2019appuie sur des <strong>technologies brevet\u00e9es<\/strong> pour offrir une captation du son d\u2019un niveau de <strong>qualit\u00e9 in\u00e9gal\u00e9e<\/strong>.<\/p>\n<p style=\"text-align: justify;\">Les microphones <strong>amplifient<\/strong> la voix et <strong>r\u00e9duisent<\/strong> les bruits ambiants, allant m\u00eame jusqu\u2019\u00e0 offrir la possibilit\u00e9 de cr\u00e9er des <strong>zones d\u2019exclusion<\/strong>.<\/p>\n\n\t\t<\/div>\n\t<\/div>\n<\/div><\/div><\/div><div class=\"wpb_column vc_column_container vc_col-sm-6 vc_hidden-sm vc_hidden-xs\"><div class=\"vc_column-inner vc_custom_1664572974150\"><div class=\"wpb_wrapper\">\n\t<div  class=\"wpb_single_image wpb_content_element vc_align_center\">\n\t\t\n\t\t<figure class=\"wpb_wrapper vc_figure\">\n\t\t\t<div class=\"vc_single_image-wrapper   vc_box_border_grey\"><img loading=\"lazy\" decoding=\"async\" width=\"300\" height=\"200\" src=\"https:\/\/rco.be\/wp-content\/uploads\/2022\/07\/Sennheiser-Teamconnect-Microphone-300x200.webp\" class=\"vc_single_image-img attachment-medium\" alt=\"Syst\u00e8me de microphone Sennheiser Teamconnect fix\u00e9 au plafond d&#039;une salle de r\u00e9union.\" title=\"Sennheiser-Teamconnect-Microphone\" srcset=\"https:\/\/rco.be\/wp-content\/uploads\/2022\/07\/Sennheiser-Teamconnect-Microphone-300x200.webp 300w, https:\/\/rco.be\/wp-content\/uploads\/2022\/07\/Sennheiser-Teamconnect-Microphone-768x512.webp 768w, https:\/\/rco.be\/wp-content\/uploads\/2022\/07\/Sennheiser-Teamconnect-Microphone-18x12.webp 18w, https:\/\/rco.be\/wp-content\/uploads\/2022\/07\/Sennheiser-Teamconnect-Microphone.webp 1024w\" sizes=\"auto, (max-width: 300px) 100vw, 300px\"  data-dt-location=\"https:\/\/rco.be\/en\/rco\/solutions-education\/solutions-auditoires\/sennheiser-teamconnect-microphone\/\" \/><\/div>\n\t\t<\/figure>\n\t<\/div>\n\n\t<div  class=\"wpb_single_image wpb_content_element vc_align_center\">\n\t\t\n\t\t<figure class=\"wpb_wrapper vc_figure\">\n\t\t\t<div class=\"vc_single_image-wrapper   vc_box_border_grey\"><img loading=\"lazy\" decoding=\"async\" width=\"300\" height=\"82\" src=\"https:\/\/rco.be\/wp-content\/uploads\/2022\/07\/Logo-Sennheiser-300x82.webp\" class=\"vc_single_image-img attachment-medium\" alt=\"Logo de l&#039;entreprise Sennheiser.\" title=\"Logo-Sennheiser\" srcset=\"https:\/\/rco.be\/wp-content\/uploads\/2022\/07\/Logo-Sennheiser-300x82.webp 300w, https:\/\/rco.be\/wp-content\/uploads\/2022\/07\/Logo-Sennheiser-1024x280.webp 1024w, https:\/\/rco.be\/wp-content\/uploads\/2022\/07\/Logo-Sennheiser-768x210.webp 768w, https:\/\/rco.be\/wp-content\/uploads\/2022\/07\/Logo-Sennheiser-1536x420.webp 1536w, https:\/\/rco.be\/wp-content\/uploads\/2022\/07\/Logo-Sennheiser-2048x561.webp 2048w, https:\/\/rco.be\/wp-content\/uploads\/2022\/07\/Logo-Sennheiser-18x5.webp 18w\" sizes=\"auto, (max-width: 300px) 100vw, 300px\"  data-dt-location=\"https:\/\/rco.be\/en\/rco\/logo-sennheiser\/\" \/><\/div>\n\t\t<\/figure>\n\t<\/div>\n<\/div><\/div><\/div><\/div><div class=\"vc_row wpb_row vc_inner vc_row-fluid vc_custom_1657810426189 vc_row-o-equal-height vc_row-o-content-middle vc_row-flex\"><div class=\"wpb_column vc_column_container vc_col-sm-12 vc_hidden-lg vc_hidden-md\"><div class=\"vc_column-inner vc_custom_1664572945443\"><div class=\"wpb_wrapper\">\n\t<div  class=\"wpb_single_image wpb_content_element vc_align_center\">\n\t\t\n\t\t<figure class=\"wpb_wrapper vc_figure\">\n\t\t\t<div class=\"vc_single_image-wrapper   vc_box_border_grey\"><img loading=\"lazy\" decoding=\"async\" width=\"300\" height=\"200\" src=\"https:\/\/rco.be\/wp-content\/uploads\/2022\/07\/Sennheiser-Teamconnect-Microphone-300x200.webp\" class=\"vc_single_image-img attachment-medium\" alt=\"Syst\u00e8me de microphone Sennheiser Teamconnect fix\u00e9 au plafond d&#039;une salle de r\u00e9union.\" title=\"Sennheiser-Teamconnect-Microphone\" srcset=\"https:\/\/rco.be\/wp-content\/uploads\/2022\/07\/Sennheiser-Teamconnect-Microphone-300x200.webp 300w, https:\/\/rco.be\/wp-content\/uploads\/2022\/07\/Sennheiser-Teamconnect-Microphone-768x512.webp 768w, https:\/\/rco.be\/wp-content\/uploads\/2022\/07\/Sennheiser-Teamconnect-Microphone-18x12.webp 18w, https:\/\/rco.be\/wp-content\/uploads\/2022\/07\/Sennheiser-Teamconnect-Microphone.webp 1024w\" sizes=\"auto, (max-width: 300px) 100vw, 300px\"  data-dt-location=\"https:\/\/rco.be\/en\/rco\/solutions-education\/solutions-auditoires\/sennheiser-teamconnect-microphone\/\" \/><\/div>\n\t\t<\/figure>\n\t<\/div>\n\n\t<div  class=\"wpb_single_image wpb_content_element vc_align_center  vc_custom_1664572876027\">\n\t\t\n\t\t<figure class=\"wpb_wrapper vc_figure\">\n\t\t\t<div class=\"vc_single_image-wrapper   vc_box_border_grey\"><img loading=\"lazy\" decoding=\"async\" width=\"300\" height=\"82\" src=\"https:\/\/rco.be\/wp-content\/uploads\/2022\/07\/Logo-Sennheiser-300x82.webp\" class=\"vc_single_image-img attachment-medium\" alt=\"Logo de l&#039;entreprise Sennheiser.\" title=\"Logo-Sennheiser\" srcset=\"https:\/\/rco.be\/wp-content\/uploads\/2022\/07\/Logo-Sennheiser-300x82.webp 300w, https:\/\/rco.be\/wp-content\/uploads\/2022\/07\/Logo-Sennheiser-1024x280.webp 1024w, https:\/\/rco.be\/wp-content\/uploads\/2022\/07\/Logo-Sennheiser-768x210.webp 768w, https:\/\/rco.be\/wp-content\/uploads\/2022\/07\/Logo-Sennheiser-1536x420.webp 1536w, https:\/\/rco.be\/wp-content\/uploads\/2022\/07\/Logo-Sennheiser-2048x561.webp 2048w, https:\/\/rco.be\/wp-content\/uploads\/2022\/07\/Logo-Sennheiser-18x5.webp 18w\" sizes=\"auto, (max-width: 300px) 100vw, 300px\"  data-dt-location=\"https:\/\/rco.be\/en\/rco\/logo-sennheiser\/\" \/><\/div>\n\t\t<\/figure>\n\t<\/div>\n<div id=\"ultimate-heading-664369f09b56940ce\" class=\"uvc-heading ult-adjust-bottom-margin ultimate-heading-664369f09b56940ce uvc-8211  uvc-heading-default-font-sizes\" data-hspacer=\"line_only\"  data-halign=\"left\" style=\"text-align:left\"><div class=\"uvc-main-heading ult-responsive\"  data-ultimate-target='.uvc-heading.ultimate-heading-664369f09b56940ce h3'  data-responsive-json-new='{\"font-size\":\"\",\"line-height\":\"\"}' ><h3 style=\"--font-weight:theme;margin-bottom:15px;\">Microphones Sennheiser<\/h3><\/div><div class=\"uvc-heading-spacer line_only\" style=\"margin-bottom:15px;height:2px;\"><span class=\"uvc-headings-line\" style=\"border-style:solid;border-bottom-width:2px;border-color:#233660;width:100px;\"><\/span><\/div><\/div>\n\t<div class=\"wpb_text_column wpb_content_element\" >\n\t\t<div class=\"wpb_wrapper\">\n\t\t\t<p style=\"text-align: justify;\">De son c\u00f4t\u00e9, le fabricant SENNHEISER s\u2019appuie sur des <strong>technologies brevet\u00e9es<\/strong> pour offrir une captation du son d\u2019un niveau de <strong>qualit\u00e9 in\u00e9gal\u00e9e<\/strong>.<\/p>\n<p style=\"text-align: justify;\">Les microphones <strong>amplifient<\/strong> la voix et <strong>r\u00e9duisent<\/strong> les bruits ambiants, allant m\u00eame jusqu\u2019\u00e0 offrir la possibilit\u00e9 de cr\u00e9er des <strong>zones d\u2019exclusion<\/strong>.<\/p>\n\n\t\t<\/div>\n\t<\/div>\n<\/div><\/div><\/div><\/div><div id=\"ultimate-heading-605969f09b5694353\" class=\"uvc-heading ult-adjust-bottom-margin ultimate-heading-605969f09b5694353 uvc-8705  uvc-heading-default-font-sizes\" data-hspacer=\"no_spacer\"  data-halign=\"center\" style=\"text-align:center\"><div class=\"uvc-heading-spacer no_spacer\" style=\"top\"><\/div><div class=\"uvc-main-heading ult-responsive\"  data-ultimate-target='.uvc-heading.ultimate-heading-605969f09b5694353 h4'  data-responsive-json-new='{\"font-size\":\"\",\"line-height\":\"\"}' ><h4 style=\"--font-weight:theme;\">La finalit\u00e9 \u00e9tant de maximiser l\u2019intelligibilit\u00e9 des orateurs et du mat\u00e9riel vid\u00e9o durant les pr\u00e9sentations.<\/h4><\/div><\/div><\/div><\/div><\/div><\/div><!-- Row Backgrounds --><div class=\"upb_color\" data-bg-override=\"ex-full\" data-bg-color=\"#f0f1f2\" data-fadeout=\"\" data-fadeout-percentage=\"30\" data-parallax-content=\"\" data-parallax-content-sense=\"30\" data-row-effect-mobile-disable=\"true\" data-img-parallax-mobile-disable=\"true\" data-rtl=\"false\"  data-custom-vc-row=\"\"  data-vc=\"8.7.2\"  data-is_old_vc=\"\"  data-theme-support=\"\"   data-overlay=\"false\" data-overlay-color=\"\" data-overlay-pattern=\"\" data-overlay-pattern-opacity=\"\" data-overlay-pattern-size=\"\"    ><\/div><div class=\"vc_row wpb_row vc_row-fluid vc_custom_1657811233371\"><div class=\"wpb_column vc_column_container vc_col-sm-12\"><div class=\"vc_column-inner\"><div class=\"wpb_wrapper\"><div id=\"ultimate-heading-63469f09b569492e\" class=\"uvc-heading ult-adjust-bottom-margin ultimate-heading-63469f09b569492e uvc-8444  uvc-heading-default-font-sizes\" data-hspacer=\"line_only\"  data-halign=\"center\" style=\"text-align:center\"><div class=\"uvc-main-heading ult-responsive\"  data-ultimate-target='.uvc-heading.ultimate-heading-63469f09b569492e h2'  data-responsive-json-new='{\"font-size\":\"\",\"line-height\":\"\"}' ><h2 style=\"--font-weight:theme;margin-bottom:15px;\">Nos cam\u00e9ras professionnelles de streaming et d'enregistrement<\/h2><\/div><div class=\"uvc-heading-spacer line_only\" style=\"margin-bottom:15px;height:2px;\"><span class=\"uvc-headings-line\" style=\"border-style:solid;border-bottom-width:2px;border-color:#233660;width:200px;\"><\/span><\/div><\/div><div class=\"vc_row wpb_row vc_inner vc_row-fluid vc_custom_1657810145248 vc_row-o-equal-height vc_row-o-content-middle vc_row-flex\"><div class=\"wpb_column vc_column_container vc_col-sm-6\"><div class=\"vc_column-inner vc_custom_1657809997473\"><div class=\"wpb_wrapper\">\n\t<div  class=\"wpb_single_image wpb_content_element vc_align_center\">\n\t\t\n\t\t<figure class=\"wpb_wrapper vc_figure\">\n\t\t\t<div class=\"vc_single_image-wrapper   vc_box_border_grey\"><img loading=\"lazy\" decoding=\"async\" width=\"292\" height=\"300\" src=\"https:\/\/rco.be\/wp-content\/uploads\/2022\/07\/Camera-Suivi-Professionnel-Aver-1-292x300.webp\" class=\"vc_single_image-img attachment-medium\" alt=\"Cam\u00e9ra professionnelle de suivi et d&#039;enregistrement de la marque Aver.\" title=\"Cam\u00e9ra-Suivi-Professionnel-Aver\" srcset=\"https:\/\/rco.be\/wp-content\/uploads\/2022\/07\/Camera-Suivi-Professionnel-Aver-1-292x300.webp 292w, https:\/\/rco.be\/wp-content\/uploads\/2022\/07\/Camera-Suivi-Professionnel-Aver-1-996x1024.webp 996w, https:\/\/rco.be\/wp-content\/uploads\/2022\/07\/Camera-Suivi-Professionnel-Aver-1-768x790.webp 768w, https:\/\/rco.be\/wp-content\/uploads\/2022\/07\/Camera-Suivi-Professionnel-Aver-1-1494x1536.webp 1494w, https:\/\/rco.be\/wp-content\/uploads\/2022\/07\/Camera-Suivi-Professionnel-Aver-1-12x12.webp 12w, https:\/\/rco.be\/wp-content\/uploads\/2022\/07\/Camera-Suivi-Professionnel-Aver-1.webp 1945w\" sizes=\"auto, (max-width: 292px) 100vw, 292px\"  data-dt-location=\"https:\/\/rco.be\/en\/rco\/solutions-education\/solutions-auditoires\/camera-suivi-professionnel-aver-2\/\" \/><\/div>\n\t\t<\/figure>\n\t<\/div>\n\n\t<div  class=\"wpb_single_image wpb_content_element vc_align_center  vc_custom_1664572995904\">\n\t\t\n\t\t<figure class=\"wpb_wrapper vc_figure\">\n\t\t\t<div class=\"vc_single_image-wrapper   vc_box_border_grey\"><img loading=\"lazy\" decoding=\"async\" width=\"300\" height=\"103\" src=\"https:\/\/rco.be\/wp-content\/uploads\/2022\/07\/Logo-Aver-300x103.webp\" class=\"vc_single_image-img attachment-medium\" alt=\"Logo de la marque Aver.\" title=\"Logo-Aver\" srcset=\"https:\/\/rco.be\/wp-content\/uploads\/2022\/07\/Logo-Aver-300x103.webp 300w, https:\/\/rco.be\/wp-content\/uploads\/2022\/07\/Logo-Aver-768x263.webp 768w, https:\/\/rco.be\/wp-content\/uploads\/2022\/07\/Logo-Aver-18x6.webp 18w, https:\/\/rco.be\/wp-content\/uploads\/2022\/07\/Logo-Aver.webp 820w\" sizes=\"auto, (max-width: 300px) 100vw, 300px\"  data-dt-location=\"https:\/\/rco.be\/en\/rco\/aide\/telechargements\/logo-aver\/\" \/><\/div>\n\t\t<\/figure>\n\t<\/div>\n<\/div><\/div><\/div><div class=\"wpb_column vc_column_container vc_col-sm-6\"><div class=\"vc_column-inner vc_custom_1657810003888\"><div class=\"wpb_wrapper\"><div id=\"ultimate-heading-65169f09b569574e\" class=\"uvc-heading ult-adjust-bottom-margin ultimate-heading-65169f09b569574e uvc-9878  uvc-heading-default-font-sizes\" data-hspacer=\"line_only\"  data-halign=\"left\" style=\"text-align:left\"><div class=\"uvc-main-heading ult-responsive\"  data-ultimate-target='.uvc-heading.ultimate-heading-65169f09b569574e h3'  data-responsive-json-new='{\"font-size\":\"\",\"line-height\":\"\"}' ><h3 style=\"--font-weight:theme;margin-bottom:15px;\">Cam\u00e9ra tracking Aver<\/h3><\/div><div class=\"uvc-heading-spacer line_only\" style=\"margin-bottom:15px;height:2px;\"><span class=\"uvc-headings-line\" style=\"border-style:solid;border-bottom-width:2px;border-color:#233660;width:100px;\"><\/span><\/div><\/div>\n\t<div class=\"wpb_text_column wpb_content_element  vc_custom_1657811509857\" >\n\t\t<div class=\"wpb_wrapper\">\n\t\t\t<p>La salle de conf\u00e9rence moderne doit permettre de <strong>capturer<\/strong> et <strong>diffuser<\/strong> des contenus avec une <strong>qualit\u00e9<\/strong> d\u2019image sans pr\u00e9c\u00e9dent.<\/p>\n<p>Les cam\u00e9ras vid\u00e9o <strong>professionnelles<\/strong> AVER disposent de toutes les fonctionnalit\u00e9s utiles \u00e0 la diffusion, l\u2019enregistrement de contenus en r\u00e9solution <strong>HD int\u00e9grale<\/strong>.<\/p>\n<p>Une gamme compl\u00e8te de cam\u00e9ra <strong>auto-suiveuses<\/strong> disposant d\u2019une intelligence artificielle capable de r<strong>econnaissance faciale<\/strong> et d\u2019assurer un <strong>suivi<\/strong> efficace de l\u2019orateur sur une sc\u00e8ne, dans un amphith\u00e9\u00e2tre ou simplement dans une salle de classe.<\/p>\n\n\t\t<\/div>\n\t<\/div>\n<\/div><\/div><\/div><\/div><\/div><\/div><\/div><\/div><div class=\"vc_row wpb_row vc_row-fluid vc_custom_1657811252268\"><div class=\"wpb_column vc_column_container vc_col-sm-12\"><div class=\"vc_column-inner\"><div class=\"wpb_wrapper\"><div id=\"ultimate-heading-978369f09b5695e1b\" class=\"uvc-heading ult-adjust-bottom-margin ultimate-heading-978369f09b5695e1b uvc-5377  uvc-heading-default-font-sizes\" data-hspacer=\"line_only\"  data-halign=\"center\" style=\"text-align:center\"><div class=\"uvc-main-heading ult-responsive\"  data-ultimate-target='.uvc-heading.ultimate-heading-978369f09b5695e1b h2'  data-responsive-json-new='{\"font-size\":\"\",\"line-height\":\"\"}' ><h2 style=\"--font-weight:theme;margin-bottom:15px;\">G\u00e9rer votre auditoire du bout de vos doigts<\/h2><\/div><div class=\"uvc-heading-spacer line_only\" style=\"margin-bottom:15px;height:2px;\"><span class=\"uvc-headings-line\" style=\"border-style:solid;border-bottom-width:2px;border-color:#233660;width:200px;\"><\/span><\/div><\/div><div class=\"vc_row wpb_row vc_inner vc_row-fluid vc_row-o-equal-height vc_row-o-content-middle vc_row-flex\"><div class=\"wpb_column vc_column_container vc_col-sm-6 vc_hidden-sm vc_hidden-xs\"><div class=\"vc_column-inner vc_custom_1664573073949\"><div class=\"wpb_wrapper\"><div id=\"ultimate-heading-846369f09b569608f\" class=\"uvc-heading ult-adjust-bottom-margin ultimate-heading-846369f09b569608f uvc-7505  uvc-heading-default-font-sizes\" data-hspacer=\"line_only\"  data-halign=\"left\" style=\"text-align:left\"><div class=\"uvc-main-heading ult-responsive\"  data-ultimate-target='.uvc-heading.ultimate-heading-846369f09b569608f h3'  data-responsive-json-new='{\"font-size\":\"\",\"line-height\":\"\"}' ><h3 style=\"--font-weight:theme;margin-bottom:15px;\">Interface de gestion de salle Extron<\/h3><\/div><div class=\"uvc-heading-spacer line_only\" style=\"margin-bottom:15px;height:2px;\"><span class=\"uvc-headings-line\" style=\"border-style:solid;border-bottom-width:2px;border-color:#233660;width:100px;\"><\/span><\/div><\/div>\n\t<div class=\"wpb_text_column wpb_content_element\" >\n\t\t<div class=\"wpb_wrapper\">\n\t\t\t<p style=\"text-align: justify;\">Les contr\u00f4leurs Media d\u2019EXTRON sont des solutions de <strong>contr\u00f4le des fonctions audiovisuelles<\/strong> qui donnent la touche finale \u00e0 votre installation audiovisuelle.<\/p>\n<p style=\"text-align: justify;\">Vous disposerez d\u2019un syst\u00e8me <strong>simple<\/strong> et <strong>efficace<\/strong>, <strong>enti\u00e8rement configurable<\/strong> pour g\u00e9rer tous vos appareils audiovisuels et <strong>automatiser<\/strong> des fonctions comme l\u2019alimentation, la commutation des sources voir un contr\u00f4le \u00e0 distance de vos \u00e9quipements.<\/p>\n\n\t\t<\/div>\n\t<\/div>\n<\/div><\/div><\/div><div class=\"wpb_column vc_column_container vc_col-sm-6 vc_hidden-sm vc_hidden-xs\"><div class=\"vc_column-inner vc_custom_1664573087301\"><div class=\"wpb_wrapper\">\n\t<div  class=\"wpb_single_image wpb_content_element vc_align_center\">\n\t\t\n\t\t<figure class=\"wpb_wrapper vc_figure\">\n\t\t\t<div class=\"vc_single_image-wrapper   vc_box_border_grey\"><img loading=\"lazy\" decoding=\"async\" width=\"300\" height=\"125\" src=\"https:\/\/rco.be\/wp-content\/uploads\/2022\/07\/Ecran-Controlleur-Media-Extron-300x125.webp\" class=\"vc_single_image-img attachment-medium\" alt=\"Ecrans pr\u00e9sentant l&#039;interface de gestion de salle de la marque Extron.\" title=\"Ecran-Controlleur-M\u00e9dia-Extron\" srcset=\"https:\/\/rco.be\/wp-content\/uploads\/2022\/07\/Ecran-Controlleur-Media-Extron-300x125.webp 300w, https:\/\/rco.be\/wp-content\/uploads\/2022\/07\/Ecran-Controlleur-Media-Extron-1024x428.webp 1024w, https:\/\/rco.be\/wp-content\/uploads\/2022\/07\/Ecran-Controlleur-Media-Extron-768x321.webp 768w, https:\/\/rco.be\/wp-content\/uploads\/2022\/07\/Ecran-Controlleur-Media-Extron-18x8.webp 18w, https:\/\/rco.be\/wp-content\/uploads\/2022\/07\/Ecran-Controlleur-Media-Extron.webp 1500w\" sizes=\"auto, (max-width: 300px) 100vw, 300px\"  data-dt-location=\"https:\/\/rco.be\/en\/rco\/solutions-education\/solutions-auditoires\/ecran-controlleur-media-extron\/\" \/><\/div>\n\t\t<\/figure>\n\t<\/div>\n\n\t<div  class=\"wpb_single_image wpb_content_element vc_align_center\">\n\t\t\n\t\t<figure class=\"wpb_wrapper vc_figure\">\n\t\t\t<div class=\"vc_single_image-wrapper   vc_box_border_grey\"><img loading=\"lazy\" decoding=\"async\" width=\"300\" height=\"92\" src=\"https:\/\/rco.be\/wp-content\/uploads\/2022\/07\/Logo-Extron-300x92.webp\" class=\"vc_single_image-img attachment-medium\" alt=\"Logo de l&#039;entreprise Extron.\" title=\"Logo-Extron\" srcset=\"https:\/\/rco.be\/wp-content\/uploads\/2022\/07\/Logo-Extron-300x92.webp 300w, https:\/\/rco.be\/wp-content\/uploads\/2022\/07\/Logo-Extron-768x236.webp 768w, https:\/\/rco.be\/wp-content\/uploads\/2022\/07\/Logo-Extron-18x6.webp 18w, https:\/\/rco.be\/wp-content\/uploads\/2022\/07\/Logo-Extron.webp 900w\" sizes=\"auto, (max-width: 300px) 100vw, 300px\"  data-dt-location=\"https:\/\/rco.be\/en\/rco\/logo-extron\/\" \/><\/div>\n\t\t<\/figure>\n\t<\/div>\n<\/div><\/div><\/div><\/div><div class=\"vc_row wpb_row vc_inner vc_row-fluid vc_row-o-equal-height vc_row-o-content-middle vc_row-flex\"><div class=\"wpb_column vc_column_container vc_col-sm-12 vc_hidden-lg vc_hidden-md\"><div class=\"vc_column-inner vc_custom_1664573130725\"><div class=\"wpb_wrapper\">\n\t<div  class=\"wpb_single_image wpb_content_element vc_align_center\">\n\t\t\n\t\t<figure class=\"wpb_wrapper vc_figure\">\n\t\t\t<div class=\"vc_single_image-wrapper   vc_box_border_grey\"><img loading=\"lazy\" decoding=\"async\" width=\"300\" height=\"125\" src=\"https:\/\/rco.be\/wp-content\/uploads\/2022\/07\/Ecran-Controlleur-Media-Extron-300x125.webp\" class=\"vc_single_image-img attachment-medium\" alt=\"Ecrans pr\u00e9sentant l&#039;interface de gestion de salle de la marque Extron.\" title=\"Ecran-Controlleur-M\u00e9dia-Extron\" srcset=\"https:\/\/rco.be\/wp-content\/uploads\/2022\/07\/Ecran-Controlleur-Media-Extron-300x125.webp 300w, https:\/\/rco.be\/wp-content\/uploads\/2022\/07\/Ecran-Controlleur-Media-Extron-1024x428.webp 1024w, https:\/\/rco.be\/wp-content\/uploads\/2022\/07\/Ecran-Controlleur-Media-Extron-768x321.webp 768w, https:\/\/rco.be\/wp-content\/uploads\/2022\/07\/Ecran-Controlleur-Media-Extron-18x8.webp 18w, https:\/\/rco.be\/wp-content\/uploads\/2022\/07\/Ecran-Controlleur-Media-Extron.webp 1500w\" sizes=\"auto, (max-width: 300px) 100vw, 300px\"  data-dt-location=\"https:\/\/rco.be\/en\/rco\/solutions-education\/solutions-auditoires\/ecran-controlleur-media-extron\/\" \/><\/div>\n\t\t<\/figure>\n\t<\/div>\n\n\t<div  class=\"wpb_single_image wpb_content_element vc_align_center  vc_custom_1664573110630\">\n\t\t\n\t\t<figure class=\"wpb_wrapper vc_figure\">\n\t\t\t<div class=\"vc_single_image-wrapper   vc_box_border_grey\"><img loading=\"lazy\" decoding=\"async\" width=\"300\" height=\"92\" src=\"https:\/\/rco.be\/wp-content\/uploads\/2022\/07\/Logo-Extron-300x92.webp\" class=\"vc_single_image-img attachment-medium\" alt=\"Logo de l&#039;entreprise Extron.\" title=\"Logo-Extron\" srcset=\"https:\/\/rco.be\/wp-content\/uploads\/2022\/07\/Logo-Extron-300x92.webp 300w, https:\/\/rco.be\/wp-content\/uploads\/2022\/07\/Logo-Extron-768x236.webp 768w, https:\/\/rco.be\/wp-content\/uploads\/2022\/07\/Logo-Extron-18x6.webp 18w, https:\/\/rco.be\/wp-content\/uploads\/2022\/07\/Logo-Extron.webp 900w\" sizes=\"auto, (max-width: 300px) 100vw, 300px\"  data-dt-location=\"https:\/\/rco.be\/en\/rco\/logo-extron\/\" \/><\/div>\n\t\t<\/figure>\n\t<\/div>\n<div id=\"ultimate-heading-563469f09b5697a1b\" class=\"uvc-heading ult-adjust-bottom-margin ultimate-heading-563469f09b5697a1b uvc-6573  uvc-heading-default-font-sizes\" data-hspacer=\"line_only\"  data-halign=\"left\" style=\"text-align:left\"><div class=\"uvc-main-heading ult-responsive\"  data-ultimate-target='.uvc-heading.ultimate-heading-563469f09b5697a1b h3'  data-responsive-json-new='{\"font-size\":\"\",\"line-height\":\"\"}' ><h3 style=\"--font-weight:theme;margin-bottom:15px;\">Interface de gestion de salle Extron<\/h3><\/div><div class=\"uvc-heading-spacer line_only\" style=\"margin-bottom:15px;height:2px;\"><span class=\"uvc-headings-line\" style=\"border-style:solid;border-bottom-width:2px;border-color:#233660;width:100px;\"><\/span><\/div><\/div>\n\t<div class=\"wpb_text_column wpb_content_element\" >\n\t\t<div class=\"wpb_wrapper\">\n\t\t\t<p style=\"text-align: justify;\">Les contr\u00f4leurs Media d\u2019EXTRON sont des solutions de <strong>contr\u00f4le des fonctions audiovisuelles<\/strong> qui donnent la touche finale \u00e0 votre installation audiovisuelle.<\/p>\n<p style=\"text-align: justify;\">Vous disposerez d\u2019un syst\u00e8me <strong>simple<\/strong> et <strong>efficace<\/strong>, <strong>enti\u00e8rement configurable<\/strong> pour g\u00e9rer tous vos appareils audiovisuels et <strong>automatiser<\/strong> des fonctions comme l\u2019alimentation, la commutation des sources voir un contr\u00f4le \u00e0 distance de vos \u00e9quipements.<\/p>\n\n\t\t<\/div>\n\t<\/div>\n<\/div><\/div><\/div><\/div><\/div><\/div><\/div><\/div><!-- Row Backgrounds --><div class=\"upb_color\" data-bg-override=\"ex-full\" data-bg-color=\"#f0f1f2\" data-fadeout=\"\" data-fadeout-percentage=\"30\" data-parallax-content=\"\" data-parallax-content-sense=\"30\" data-row-effect-mobile-disable=\"true\" data-img-parallax-mobile-disable=\"true\" data-rtl=\"false\"  data-custom-vc-row=\"\"  data-vc=\"8.7.2\"  data-is_old_vc=\"\"  data-theme-support=\"\"   data-overlay=\"false\" data-overlay-color=\"\" data-overlay-pattern=\"\" data-overlay-pattern-opacity=\"\" data-overlay-pattern-size=\"\"    ><\/div><div class=\"vc_row wpb_row vc_row-fluid vc_custom_1657191385607 vc_row-o-equal-height vc_row-o-content-middle vc_row-flex\"><div class=\"wpb_column vc_column_container vc_col-sm-12\"><div class=\"vc_column-inner vc_custom_1657191367307\"><div class=\"wpb_wrapper\"><div id=\"ultimate-heading-94169f09b5698098\" class=\"uvc-heading ult-adjust-bottom-margin ultimate-heading-94169f09b5698098 uvc-4351  uvc-heading-default-font-sizes\" data-hspacer=\"line_only\"  data-halign=\"center\" style=\"text-align:center\"><div class=\"uvc-main-heading ult-responsive\"  data-ultimate-target='.uvc-heading.ultimate-heading-94169f09b5698098 h2'  data-responsive-json-new='{\"font-size\":\"\",\"line-height\":\"\"}' ><h2 style=\"--font-weight:theme;margin-bottom:15px;\">D\u00e9couvrez toutes nos autres solutions pour vos salles de classe<\/h2><\/div><div class=\"uvc-heading-spacer line_only\" style=\"margin-bottom:15px;height:2px;\"><span class=\"uvc-headings-line\" style=\"border-style:solid;border-bottom-width:2px;border-color:#233660;width:200px;\"><\/span><\/div><\/div><style type=\"text\/css\" data-type=\"the7_shortcodes-inline-css\">#default-btn-c9e3c5aa8a56b236237cc224860a9593.ico-right-side > i {\n  margin-right: 0px;\n  margin-left: 8px;\n}\n#default-btn-c9e3c5aa8a56b236237cc224860a9593 > i {\n  margin-right: 8px;\n}<\/style><div class=\"btn-align-center\"><a href=\"https:\/\/rco.be\/en\/rco\/solutions-education\/\" class=\"default-btn-shortcode dt-btn dt-btn-l link-hover-off\" id=\"default-btn-c9e3c5aa8a56b236237cc224860a9593\" title=\"For education\"><i class=\"icomoon-material-24x24-school\"><\/i><span>D\u00e9couvrir nos solutions pour l&rsquo;\u00e9ducation<\/span><\/a><\/div><\/div><\/div><\/div><\/div><div data-vc-full-width=\"true\" data-vc-full-width-temp=\"true\" data-vc-full-width-init=\"false\" class=\"vc_row wpb_row vc_row-fluid vc_custom_1657190939409 vc_row-has-fill\"><div class=\"wpb_column vc_column_container vc_col-sm-6 vc_hidden-sm vc_hidden-xs\"><div class=\"vc_column-inner vc_custom_1664573188352\"><div class=\"wpb_wrapper\"><style type=\"text\/css\" data-type=\"the7_shortcodes-inline-css\">#default-btn-a28e1ed1c95e47be473be97eda1f48b0 {\n  font-size: 14px;\n  line-height: 16px;\n  font-weight: bold;\n  padding: 4px 0px 4px 0px;\n}\n#default-btn-a28e1ed1c95e47be473be97eda1f48b0.ico-right-side > i {\n  margin-right: 0px;\n  margin-left: 8px;\n}\n#default-btn-a28e1ed1c95e47be473be97eda1f48b0:after {\n  height: 2px;\n}\n#default-btn-a28e1ed1c95e47be473be97eda1f48b0 > i {\n  margin-right: 8px;\n  font-size: 11px;\n}\n#default-btn-a28e1ed1c95e47be473be97eda1f48b0.ico-right-side > i {\n  margin-right: 0px;\n  margin-left: 8px;\n}\n#default-btn-a28e1ed1c95e47be473be97eda1f48b0 > i {\n  margin-right: 8px;\n}<\/style><div class=\"btn-align-left\"><a href=\"https:\/\/rco.be\/en\/rco\/solutions-education\/\" class=\"default-btn-shortcode dt-btn-link link-hover-off upwards-line\" id=\"default-btn-a28e1ed1c95e47be473be97eda1f48b0\" title=\"Solutions pour l'\u00e9ducation\"><span>Revenir \u00e0 la page Pour l&rsquo;\u00e9ducation<\/span><\/a><\/div><\/div><\/div><\/div><div class=\"wpb_column vc_column_container vc_col-sm-6 vc_hidden-sm vc_hidden-xs\"><div class=\"vc_column-inner vc_custom_1664573193351\"><div class=\"wpb_wrapper\"><style type=\"text\/css\" data-type=\"the7_shortcodes-inline-css\">#default-btn-edcf8dec41efa45a3d564be3db6ed9fd {\n  font-size: 14px;\n  line-height: 16px;\n  font-weight: bold;\n  padding: 4px 0px 4px 0px;\n}\n#default-btn-edcf8dec41efa45a3d564be3db6ed9fd.ico-right-side > i {\n  margin-right: 0px;\n  margin-left: 8px;\n}\n#default-btn-edcf8dec41efa45a3d564be3db6ed9fd:after {\n  height: 2px;\n}\n#default-btn-edcf8dec41efa45a3d564be3db6ed9fd > i {\n  margin-right: 8px;\n  font-size: 11px;\n}\n#default-btn-edcf8dec41efa45a3d564be3db6ed9fd.ico-right-side > i {\n  margin-right: 0px;\n  margin-left: 8px;\n}\n#default-btn-edcf8dec41efa45a3d564be3db6ed9fd > i {\n  margin-right: 8px;\n}<\/style><div class=\"btn-align-right\"><a href=\"https:\/\/rco.be\/en\/\" class=\"default-btn-shortcode dt-btn-link link-hover-off upwards-line\" id=\"default-btn-edcf8dec41efa45a3d564be3db6ed9fd\" title=\"RCO\"><span>Revenir \u00e0 la page d&rsquo;accueil<\/span><\/a><\/div><\/div><\/div><\/div><\/div><div class=\"vc_row-full-width vc_clearfix\"><\/div>\n<\/div>","protected":false},"excerpt":{"rendered":"<p>Projection professionnelle Les projecteurs professionnels EPSON laser Adapter le mat\u00e9riel \u00e0 l\u2019environnement et non l\u2019inverse. Les exigences d\u2019une projection dans un amphith\u00e9\u00e2tre, une salle de conf\u00e9rence ou un mus\u00e9e impliquent de disposer d\u2019une large gamme de solutions de projection. Nous disposons de projecteurs\u00a0d\u00e9di\u00e9s aux grands espaces, disposant d\u2019une technologie laser innovante et de luminosit\u00e9s pouvant&hellip;<\/p>","protected":false},"author":1,"featured_media":0,"parent":232,"menu_order":0,"comment_status":"closed","ping_status":"closed","template":"","meta":{"footnotes":""},"class_list":["post-240","page","type-page","status-publish","hentry","description-off"],"yoast_head":"<!-- This site is optimized with the Yoast SEO plugin v27.1.1 - https:\/\/yoast.com\/product\/yoast-seo-wordpress\/ -->\n<title>Solutions pour auditoires - RCO<\/title>\n<meta name=\"description\" content=\"Vous avez un auditoire \u00e0 \u00e9quiper ? RCO s&#039;occupe de tout de la projection \u00e0 la sonorisation en passant par un syst\u00e8me de gestion moderne.\" \/>\n<meta name=\"robots\" content=\"index, follow, max-snippet:-1, max-image-preview:large, max-video-preview:-1\" \/>\n<link rel=\"canonical\" href=\"https:\/\/rco.be\/en\/rco\/solutions-education\/solutions-auditoires\/\" \/>\n<meta property=\"og:locale\" content=\"en_GB\" \/>\n<meta property=\"og:type\" content=\"article\" \/>\n<meta property=\"og:title\" content=\"Solutions pour auditoires - RCO\" \/>\n<meta property=\"og:description\" content=\"Vous avez un auditoire \u00e0 \u00e9quiper ? RCO s&#039;occupe de tout de la projection \u00e0 la sonorisation en passant par un syst\u00e8me de gestion moderne.\" \/>\n<meta property=\"og:url\" content=\"https:\/\/rco.be\/en\/rco\/solutions-education\/solutions-auditoires\/\" \/>\n<meta property=\"og:site_name\" content=\"RCO\" \/>\n<meta property=\"article:publisher\" content=\"https:\/\/www.facebook.com\/RCOSMART\/\" \/>\n<meta property=\"article:modified_time\" content=\"2022-10-04T12:28:36+00:00\" \/>\n<meta name=\"twitter:card\" content=\"summary_large_image\" \/>\n<meta name=\"twitter:label1\" content=\"Estimated reading time\" \/>\n\t<meta name=\"twitter:data1\" content=\"5 minutes\" \/>\n<script type=\"application\/ld+json\" class=\"yoast-schema-graph\">{\"@context\":\"https:\/\/schema.org\",\"@graph\":[{\"@type\":\"WebPage\",\"@id\":\"https:\/\/rco.be\/rco\/solutions-education\/solutions-auditoires\/\",\"url\":\"https:\/\/rco.be\/rco\/solutions-education\/solutions-auditoires\/\",\"name\":\"Solutions pour auditoires - RCO\",\"isPartOf\":{\"@id\":\"https:\/\/rco.be\/#website\"},\"datePublished\":\"2022-06-27T12:20:17+00:00\",\"dateModified\":\"2022-10-04T12:28:36+00:00\",\"description\":\"Vous avez un auditoire \u00e0 \u00e9quiper ? RCO s'occupe de tout de la projection \u00e0 la sonorisation en passant par un syst\u00e8me de gestion moderne.\",\"breadcrumb\":{\"@id\":\"https:\/\/rco.be\/rco\/solutions-education\/solutions-auditoires\/#breadcrumb\"},\"inLanguage\":\"en-GB\",\"potentialAction\":[{\"@type\":\"ReadAction\",\"target\":[\"https:\/\/rco.be\/rco\/solutions-education\/solutions-auditoires\/\"]}]},{\"@type\":\"BreadcrumbList\",\"@id\":\"https:\/\/rco.be\/rco\/solutions-education\/solutions-auditoires\/#breadcrumb\",\"itemListElement\":[{\"@type\":\"ListItem\",\"position\":1,\"name\":\"Accueil\",\"item\":\"https:\/\/rco.be\/\"},{\"@type\":\"ListItem\",\"position\":2,\"name\":\"RCO\",\"item\":\"https:\/\/rco.be\/\"},{\"@type\":\"ListItem\",\"position\":3,\"name\":\"Pour l&rsquo;\u00e9ducation\",\"item\":\"https:\/\/rco.be\/rco\/solutions-education\/\"},{\"@type\":\"ListItem\",\"position\":4,\"name\":\"Solutions pour auditoires\"}]},{\"@type\":\"WebSite\",\"@id\":\"https:\/\/rco.be\/#website\",\"url\":\"https:\/\/rco.be\/\",\"name\":\"RCO\",\"description\":\"Concepteur de projets audiovisuels\",\"publisher\":{\"@id\":\"https:\/\/rco.be\/#organization\"},\"potentialAction\":[{\"@type\":\"SearchAction\",\"target\":{\"@type\":\"EntryPoint\",\"urlTemplate\":\"https:\/\/rco.be\/?s={search_term_string}\"},\"query-input\":{\"@type\":\"PropertyValueSpecification\",\"valueRequired\":true,\"valueName\":\"search_term_string\"}}],\"inLanguage\":\"en-GB\"},{\"@type\":\"Organization\",\"@id\":\"https:\/\/rco.be\/#organization\",\"name\":\"RCO\",\"url\":\"https:\/\/rco.be\/\",\"logo\":{\"@type\":\"ImageObject\",\"inLanguage\":\"en-GB\",\"@id\":\"https:\/\/rco.be\/#\/schema\/logo\/image\/\",\"url\":\"https:\/\/rco.be\/wp-content\/uploads\/2022\/06\/logo-rco-couleur-hd.png\",\"contentUrl\":\"https:\/\/rco.be\/wp-content\/uploads\/2022\/06\/logo-rco-couleur-hd.png\",\"width\":266,\"height\":100,\"caption\":\"RCO\"},\"image\":{\"@id\":\"https:\/\/rco.be\/#\/schema\/logo\/image\/\"},\"sameAs\":[\"https:\/\/www.facebook.com\/RCOSMART\/\"]}]}<\/script>\n<!-- \/ Yoast SEO plugin. -->","yoast_head_json":{"title":"Solutions pour auditoires - RCO","description":"Vous avez un auditoire \u00e0 \u00e9quiper ? RCO s'occupe de tout de la projection \u00e0 la sonorisation en passant par un syst\u00e8me de gestion moderne.","robots":{"index":"index","follow":"follow","max-snippet":"max-snippet:-1","max-image-preview":"max-image-preview:large","max-video-preview":"max-video-preview:-1"},"canonical":"https:\/\/rco.be\/en\/rco\/solutions-education\/solutions-auditoires\/","og_locale":"en_GB","og_type":"article","og_title":"Solutions pour auditoires - RCO","og_description":"Vous avez un auditoire \u00e0 \u00e9quiper ? RCO s'occupe de tout de la projection \u00e0 la sonorisation en passant par un syst\u00e8me de gestion moderne.","og_url":"https:\/\/rco.be\/en\/rco\/solutions-education\/solutions-auditoires\/","og_site_name":"RCO","article_publisher":"https:\/\/www.facebook.com\/RCOSMART\/","article_modified_time":"2022-10-04T12:28:36+00:00","twitter_card":"summary_large_image","twitter_misc":{"Estimated reading time":"5 minutes"},"schema":{"@context":"https:\/\/schema.org","@graph":[{"@type":"WebPage","@id":"https:\/\/rco.be\/rco\/solutions-education\/solutions-auditoires\/","url":"https:\/\/rco.be\/rco\/solutions-education\/solutions-auditoires\/","name":"Solutions pour auditoires - RCO","isPartOf":{"@id":"https:\/\/rco.be\/#website"},"datePublished":"2022-06-27T12:20:17+00:00","dateModified":"2022-10-04T12:28:36+00:00","description":"Vous avez un auditoire \u00e0 \u00e9quiper ? RCO s'occupe de tout de la projection \u00e0 la sonorisation en passant par un syst\u00e8me de gestion moderne.","breadcrumb":{"@id":"https:\/\/rco.be\/rco\/solutions-education\/solutions-auditoires\/#breadcrumb"},"inLanguage":"en-GB","potentialAction":[{"@type":"ReadAction","target":["https:\/\/rco.be\/rco\/solutions-education\/solutions-auditoires\/"]}]},{"@type":"BreadcrumbList","@id":"https:\/\/rco.be\/rco\/solutions-education\/solutions-auditoires\/#breadcrumb","itemListElement":[{"@type":"ListItem","position":1,"name":"Accueil","item":"https:\/\/rco.be\/"},{"@type":"ListItem","position":2,"name":"RCO","item":"https:\/\/rco.be\/"},{"@type":"ListItem","position":3,"name":"Pour l&rsquo;\u00e9ducation","item":"https:\/\/rco.be\/rco\/solutions-education\/"},{"@type":"ListItem","position":4,"name":"Solutions pour auditoires"}]},{"@type":"WebSite","@id":"https:\/\/rco.be\/#website","url":"https:\/\/rco.be\/","name":"RCO","description":"Audiovisual Project Designer","publisher":{"@id":"https:\/\/rco.be\/#organization"},"potentialAction":[{"@type":"SearchAction","target":{"@type":"EntryPoint","urlTemplate":"https:\/\/rco.be\/?s={search_term_string}"},"query-input":{"@type":"PropertyValueSpecification","valueRequired":true,"valueName":"search_term_string"}}],"inLanguage":"en-GB"},{"@type":"Organization","@id":"https:\/\/rco.be\/#organization","name":"RCO","url":"https:\/\/rco.be\/","logo":{"@type":"ImageObject","inLanguage":"en-GB","@id":"https:\/\/rco.be\/#\/schema\/logo\/image\/","url":"https:\/\/rco.be\/wp-content\/uploads\/2022\/06\/logo-rco-couleur-hd.png","contentUrl":"https:\/\/rco.be\/wp-content\/uploads\/2022\/06\/logo-rco-couleur-hd.png","width":266,"height":100,"caption":"RCO"},"image":{"@id":"https:\/\/rco.be\/#\/schema\/logo\/image\/"},"sameAs":["https:\/\/www.facebook.com\/RCOSMART\/"]}]}},"_links":{"self":[{"href":"https:\/\/rco.be\/en\/wp-json\/wp\/v2\/pages\/240","targetHints":{"allow":["GET"]}}],"collection":[{"href":"https:\/\/rco.be\/en\/wp-json\/wp\/v2\/pages"}],"about":[{"href":"https:\/\/rco.be\/en\/wp-json\/wp\/v2\/types\/page"}],"author":[{"embeddable":true,"href":"https:\/\/rco.be\/en\/wp-json\/wp\/v2\/users\/1"}],"replies":[{"embeddable":true,"href":"https:\/\/rco.be\/en\/wp-json\/wp\/v2\/comments?post=240"}],"version-history":[{"count":15,"href":"https:\/\/rco.be\/en\/wp-json\/wp\/v2\/pages\/240\/revisions"}],"predecessor-version":[{"id":2622,"href":"https:\/\/rco.be\/en\/wp-json\/wp\/v2\/pages\/240\/revisions\/2622"}],"up":[{"embeddable":true,"href":"https:\/\/rco.be\/en\/wp-json\/wp\/v2\/pages\/232"}],"wp:attachment":[{"href":"https:\/\/rco.be\/en\/wp-json\/wp\/v2\/media?parent=240"}],"curies":[{"name":"wp","href":"https:\/\/api.w.org\/{rel}","templated":true}]}}